{"id":2958,"date":"2022-04-12T16:02:54","date_gmt":"2022-04-12T16:02:54","guid":{"rendered":"https:\/\/sare.eus\/ekimena\/maiatzaren-14an-zer0km-herri-lasterketaren-3-edizioa-donibane-irunea\/"},"modified":"2022-05-11T11:17:00","modified_gmt":"2022-05-11T11:17:00","slug":"lasterbidean","status":"publish","type":"tribe_events","link":"https:\/\/sare.eus\/es\/ekimena\/lasterbidean\/","title":{"rendered":"Maiatzaren 28an Kanpezun Lasterbidean, herri lasterketan"},"content":{"rendered":"<div class=\"kvgmc6g5 cxmmr5t8 oygrvhab hcukyx3x c1et5uql ii04i59q\">\n<div dir=\"auto\">[EUS]<\/div>\n<div dir=\"auto\">Maiatzaren 28an Kanpezun egingo den Lasterbidean herri lasterketan parte hartzeko deia egiten dugu SAREtik.<\/div>\n<\/div>\n<div class=\"cxmmr5t8 oygrvhab hcukyx3x c1et5uql o9v6fnle ii04i59q\">\n<div dir=\"auto\"><span class=\"pq6dq46d tbxw36s4 knj5qynh kvgmc6g5 ditlmg2l oygrvhab nvdbi5me sf5mxxl7 gl3lb2sf hhz5lgdu\"><img loading=\"lazy\" decoding=\"async\" src=\"https:\/\/static.xx.fbcdn.net\/images\/emoji.php\/v9\/t46\/1\/16\/2197.png\" alt=\"&#x2197;&#xfe0f;\" width=\"16\" height=\"16\" \/><\/span>Izen emateak: lasterbidean.eus webgunean.<\/div>\n<\/div>\n<div class=\"cxmmr5t8 oygrvhab hcukyx3x c1et5uql o9v6fnle ii04i59q\">\n<div dir=\"auto\">Gogoratu bertan egiten dituzun Kilometroak ere <a class=\"oajrlxb2 g5ia77u1 qu0x051f esr5mh6w e9989ue4 r7d6kgcz rq0escxv nhd2j8a9 nc684nl6 p7hjln8o kvgmc6g5 cxmmr5t8 oygrvhab hcukyx3x jb3vyjys rz4wbd8a qt6c0cv9 a8nywdso i1ao9s8h esuyzwwr f1sip0of lzcic4wl gpro0wi8 q66pz984 b1v8xokw\" tabindex=\"0\" role=\"link\" href=\"https:\/\/www.facebook.com\/hashtag\/izanbidea?__eep__=6&amp;__cft__[0]=AZWh-RPCt_klgH7FNZRorJ3TY1Nk2dn-t2dF1PfGyArVL4Lt8CumBJVjl-YBbEBSQd51ELVlNvH2rvSmaF4903r-_8VlgW5MZ0igXMyLbsFsIiuExCeyYYmLyhSQK9UUFimwMhZ4b1YGeI5G7l0516Lf9bDTi0HzJl9gHTBGsFDv05zyOBFxXLeNmz4TCfayJSc&amp;__tn__=*NK-R\">#IzanBidea<\/a> aplikazioan sartu ditzakezula.<\/div>\n<div dir=\"auto\"><\/div>\n<\/div>\n<div class=\"cxmmr5t8 oygrvhab hcukyx3x c1et5uql o9v6fnle ii04i59q\">\n<div dir=\"auto\">[CAS]<\/div>\n<div dir=\"auto\">Desde SARE hacemos un llamamiento para participar en la carrera popular <a class=\"oajrlxb2 g5ia77u1 qu0x051f esr5mh6w e9989ue4 r7d6kgcz rq0escxv nhd2j8a9 nc684nl6 p7hjln8o kvgmc6g5 cxmmr5t8 oygrvhab hcukyx3x jb3vyjys rz4wbd8a qt6c0cv9 a8nywdso i1ao9s8h esuyzwwr f1sip0of lzcic4wl gpro0wi8 q66pz984 b1v8xokw\" tabindex=\"0\" role=\"link\" href=\"https:\/\/www.facebook.com\/laster.bidean?__cft__[0]=AZWh-RPCt_klgH7FNZRorJ3TY1Nk2dn-t2dF1PfGyArVL4Lt8CumBJVjl-YBbEBSQd51ELVlNvH2rvSmaF4903r-_8VlgW5MZ0igXMyLbsFsIiuExCeyYYmLyhSQK9UUFimwMhZ4b1YGeI5G7l0516Lf9bDTi0HzJl9gHTBGsFDv05zyOBFxXLeNmz4TCfayJSc&amp;__tn__=-]K-R\"><span class=\"nc684nl6\">Lasterbidean Lasterketa<\/span><\/a> que tendr\u00e1 lugar el 28 de mayo en Kanpezu (Araba)<\/div>\n<\/div>\n<div class=\"cxmmr5t8 oygrvhab hcukyx3x c1et5uql o9v6fnle ii04i59q\">\n<div dir=\"auto\"><span class=\"pq6dq46d tbxw36s4 knj5qynh kvgmc6g5 ditlmg2l oygrvhab nvdbi5me sf5mxxl7 gl3lb2sf hhz5lgdu\"><img loading=\"lazy\" decoding=\"async\" src=\"https:\/\/static.xx.fbcdn.net\/images\/emoji.php\/v9\/tcc\/1\/16\/1f4dd.png\" alt=\"&#x1f4dd;\" width=\"16\" height=\"16\" \/><\/span>Inscripciones en la web: lasterbidean.eus<\/div>\n<\/div>\n<div class=\"cxmmr5t8 oygrvhab hcukyx3x c1et5uql o9v6fnle ii04i59q\">\n<div dir=\"auto\">Recuerda que tambi\u00e9n puedes introducir los Kil\u00f3metros que realices en la aplicaci\u00f3n <a class=\"oajrlxb2 g5ia77u1 qu0x051f esr5mh6w e9989ue4 r7d6kgcz rq0escxv nhd2j8a9 nc684nl6 p7hjln8o kvgmc6g5 cxmmr5t8 oygrvhab hcukyx3x jb3vyjys rz4wbd8a qt6c0cv9 a8nywdso i1ao9s8h esuyzwwr f1sip0of lzcic4wl gpro0wi8 q66pz984 b1v8xokw\" tabindex=\"0\" role=\"link\" href=\"https:\/\/www.facebook.com\/hashtag\/izanbidea?__eep__=6&amp;__cft__[0]=AZWh-RPCt_klgH7FNZRorJ3TY1Nk2dn-t2dF1PfGyArVL4Lt8CumBJVjl-YBbEBSQd51ELVlNvH2rvSmaF4903r-_8VlgW5MZ0igXMyLbsFsIiuExCeyYYmLyhSQK9UUFimwMhZ4b1YGeI5G7l0516Lf9bDTi0HzJl9gHTBGsFDv05zyOBFxXLeNmz4TCfayJSc&amp;__tn__=*NK-R\">#IzanBidea<\/a><\/div>\n<\/div>\n","protected":false},"excerpt":{"rendered":"<p>[EUS] Maiatzaren 28an Kanpezun egingo den Lasterbidean herri lasterketan parte hartzeko deia egiten dugu SAREtik. Izen emateak: lasterbidean.eus webgunean. Gogoratu bertan egiten dituzun Kilometroak ere #IzanBidea aplikazioan sartu ditzakezula. [CAS] [&hellip;]<\/p>\n","protected":false},"author":2,"featured_media":3341,"template":"","meta":{"_acf_changed":false,"_et_pb_use_builder":"","_et_pb_old_content":"","_et_gb_content_width":"","_tribe_events_status":"","_tribe_events_status_reason":"","footnotes":""},"tags":[],"tribe_events_cat":[],"class_list":["post-2958","tribe_events","type-tribe_events","status-publish","has-post-thumbnail","hentry"],"acf":[],"yoast_head":"<!-- This site is optimized with the Yoast SEO plugin v26.4 - https:\/\/yoast.com\/wordpress\/plugins\/seo\/ -->\n<title>Maiatzaren 28an Kanpezun Lasterbidean, herri lasterketan - Sare Herritarra<\/title>\n<meta name=\"robots\" content=\"index, follow, max-snippet:-1, max-image-preview:large, max-video-preview:-1\" \/>\n<link rel=\"canonical\" href=\"https:\/\/sare.eus\/es\/ekimena\/lasterbidean\/\" \/>\n<meta property=\"og:locale\" content=\"es_ES\" \/>\n<meta property=\"og:type\" content=\"article\" \/>\n<meta property=\"og:title\" content=\"Maiatzaren 28an Kanpezun Lasterbidean, herri lasterketan - Sare Herritarra\" \/>\n<meta property=\"og:description\" content=\"[EUS] Maiatzaren 28an Kanpezun egingo den Lasterbidean herri lasterketan parte hartzeko deia egiten dugu SAREtik. Izen emateak: lasterbidean.eus webgunean. Gogoratu bertan egiten dituzun Kilometroak ere #IzanBidea aplikazioan sartu ditzakezula. [CAS] [&hellip;]\" \/>\n<meta property=\"og:url\" content=\"https:\/\/sare.eus\/es\/ekimena\/lasterbidean\/\" \/>\n<meta property=\"og:site_name\" content=\"Sare Herritarra\" \/>\n<meta property=\"article:modified_time\" content=\"2022-05-11T11:17:00+00:00\" \/>\n<meta property=\"og:image\" content=\"https:\/\/sare.eus\/wp-content\/uploads\/2022\/04\/Lasterbidean.jpg\" \/>\n\t<meta property=\"og:image:width\" content=\"515\" \/>\n\t<meta property=\"og:image:height\" content=\"720\" \/>\n\t<meta property=\"og:image:type\" content=\"image\/jpeg\" \/>\n<meta name=\"twitter:card\" content=\"summary_large_image\" \/>\n<script type=\"application\/ld+json\" class=\"yoast-schema-graph\">{\"@context\":\"https:\/\/schema.org\",\"@graph\":[{\"@type\":\"WebPage\",\"@id\":\"https:\/\/sare.eus\/es\/ekimena\/lasterbidean\/\",\"url\":\"https:\/\/sare.eus\/es\/ekimena\/lasterbidean\/\",\"name\":\"Maiatzaren 28an Kanpezun Lasterbidean, herri lasterketan - Sare Herritarra\",\"isPartOf\":{\"@id\":\"https:\/\/sare.eus\/#website\"},\"primaryImageOfPage\":{\"@id\":\"https:\/\/sare.eus\/es\/ekimena\/lasterbidean\/#primaryimage\"},\"image\":{\"@id\":\"https:\/\/sare.eus\/es\/ekimena\/lasterbidean\/#primaryimage\"},\"thumbnailUrl\":\"https:\/\/sare.eus\/wp-content\/uploads\/2022\/04\/Lasterbidean.jpg\",\"datePublished\":\"2022-04-12T16:02:54+00:00\",\"dateModified\":\"2022-05-11T11:17:00+00:00\",\"breadcrumb\":{\"@id\":\"https:\/\/sare.eus\/es\/ekimena\/lasterbidean\/#breadcrumb\"},\"inLanguage\":\"es\",\"potentialAction\":[{\"@type\":\"ReadAction\",\"target\":[\"https:\/\/sare.eus\/es\/ekimena\/lasterbidean\/\"]}]},{\"@type\":\"ImageObject\",\"inLanguage\":\"es\",\"@id\":\"https:\/\/sare.eus\/es\/ekimena\/lasterbidean\/#primaryimage\",\"url\":\"https:\/\/sare.eus\/wp-content\/uploads\/2022\/04\/Lasterbidean.jpg\",\"contentUrl\":\"https:\/\/sare.eus\/wp-content\/uploads\/2022\/04\/Lasterbidean.jpg\",\"width\":515,\"height\":720},{\"@type\":\"BreadcrumbList\",\"@id\":\"https:\/\/sare.eus\/es\/ekimena\/lasterbidean\/#breadcrumb\",\"itemListElement\":[{\"@type\":\"ListItem\",\"position\":1,\"name\":\"Home\",\"item\":\"https:\/\/sare.eus\/\"},{\"@type\":\"ListItem\",\"position\":2,\"name\":\"Ekitaldiak\",\"item\":\"https:\/\/sare.eus\/agenda\/\"},{\"@type\":\"ListItem\",\"position\":3,\"name\":\"Maiatzaren 28an Kanpezun Lasterbidean, herri lasterketan\"}]},{\"@type\":\"WebSite\",\"@id\":\"https:\/\/sare.eus\/#website\",\"url\":\"https:\/\/sare.eus\/\",\"name\":\"Sare Herritarra\",\"description\":\"KONPONBIDEAREN ETA GIZA ESKUBIDEEN ALDEKO SARE HERRITARRA\",\"publisher\":{\"@id\":\"https:\/\/sare.eus\/#organization\"},\"potentialAction\":[{\"@type\":\"SearchAction\",\"target\":{\"@type\":\"EntryPoint\",\"urlTemplate\":\"https:\/\/sare.eus\/?s={search_term_string}\"},\"query-input\":{\"@type\":\"PropertyValueSpecification\",\"valueRequired\":true,\"valueName\":\"search_term_string\"}}],\"inLanguage\":\"es\"},{\"@type\":\"Organization\",\"@id\":\"https:\/\/sare.eus\/#organization\",\"name\":\"Sare Herritarra\",\"url\":\"https:\/\/sare.eus\/\",\"logo\":{\"@type\":\"ImageObject\",\"inLanguage\":\"es\",\"@id\":\"https:\/\/sare.eus\/#\/schema\/logo\/image\/\",\"url\":\"https:\/\/sare.eus\/wp-content\/uploads\/2021\/08\/sare.png\",\"contentUrl\":\"https:\/\/sare.eus\/wp-content\/uploads\/2021\/08\/sare.png\",\"width\":120,\"height\":142,\"caption\":\"Sare Herritarra\"},\"image\":{\"@id\":\"https:\/\/sare.eus\/#\/schema\/logo\/image\/\"}}]}<\/script>\n<!-- \/ Yoast SEO plugin. -->","yoast_head_json":{"title":"Maiatzaren 28an Kanpezun Lasterbidean, herri lasterketan - Sare Herritarra","robots":{"index":"index","follow":"follow","max-snippet":"max-snippet:-1","max-image-preview":"max-image-preview:large","max-video-preview":"max-video-preview:-1"},"canonical":"https:\/\/sare.eus\/es\/ekimena\/lasterbidean\/","og_locale":"es_ES","og_type":"article","og_title":"Maiatzaren 28an Kanpezun Lasterbidean, herri lasterketan - Sare Herritarra","og_description":"[EUS] Maiatzaren 28an Kanpezun egingo den Lasterbidean herri lasterketan parte hartzeko deia egiten dugu SAREtik. Izen emateak: lasterbidean.eus webgunean. Gogoratu bertan egiten dituzun Kilometroak ere #IzanBidea aplikazioan sartu ditzakezula. [CAS] [&hellip;]","og_url":"https:\/\/sare.eus\/es\/ekimena\/lasterbidean\/","og_site_name":"Sare Herritarra","article_modified_time":"2022-05-11T11:17:00+00:00","og_image":[{"width":515,"height":720,"url":"https:\/\/sare.eus\/wp-content\/uploads\/2022\/04\/Lasterbidean.jpg","type":"image\/jpeg"}],"twitter_card":"summary_large_image","schema":{"@context":"https:\/\/schema.org","@graph":[{"@type":"WebPage","@id":"https:\/\/sare.eus\/es\/ekimena\/lasterbidean\/","url":"https:\/\/sare.eus\/es\/ekimena\/lasterbidean\/","name":"Maiatzaren 28an Kanpezun Lasterbidean, herri lasterketan - Sare Herritarra","isPartOf":{"@id":"https:\/\/sare.eus\/#website"},"primaryImageOfPage":{"@id":"https:\/\/sare.eus\/es\/ekimena\/lasterbidean\/#primaryimage"},"image":{"@id":"https:\/\/sare.eus\/es\/ekimena\/lasterbidean\/#primaryimage"},"thumbnailUrl":"https:\/\/sare.eus\/wp-content\/uploads\/2022\/04\/Lasterbidean.jpg","datePublished":"2022-04-12T16:02:54+00:00","dateModified":"2022-05-11T11:17:00+00:00","breadcrumb":{"@id":"https:\/\/sare.eus\/es\/ekimena\/lasterbidean\/#breadcrumb"},"inLanguage":"es","potentialAction":[{"@type":"ReadAction","target":["https:\/\/sare.eus\/es\/ekimena\/lasterbidean\/"]}]},{"@type":"ImageObject","inLanguage":"es","@id":"https:\/\/sare.eus\/es\/ekimena\/lasterbidean\/#primaryimage","url":"https:\/\/sare.eus\/wp-content\/uploads\/2022\/04\/Lasterbidean.jpg","contentUrl":"https:\/\/sare.eus\/wp-content\/uploads\/2022\/04\/Lasterbidean.jpg","width":515,"height":720},{"@type":"BreadcrumbList","@id":"https:\/\/sare.eus\/es\/ekimena\/lasterbidean\/#breadcrumb","itemListElement":[{"@type":"ListItem","position":1,"name":"Home","item":"https:\/\/sare.eus\/"},{"@type":"ListItem","position":2,"name":"Ekitaldiak","item":"https:\/\/sare.eus\/agenda\/"},{"@type":"ListItem","position":3,"name":"Maiatzaren 28an Kanpezun Lasterbidean, herri lasterketan"}]},{"@type":"WebSite","@id":"https:\/\/sare.eus\/#website","url":"https:\/\/sare.eus\/","name":"Sare Herritarra","description":"KONPONBIDEAREN ETA GIZA ESKUBIDEEN ALDEKO SARE HERRITARRA","publisher":{"@id":"https:\/\/sare.eus\/#organization"},"potentialAction":[{"@type":"SearchAction","target":{"@type":"EntryPoint","urlTemplate":"https:\/\/sare.eus\/?s={search_term_string}"},"query-input":{"@type":"PropertyValueSpecification","valueRequired":true,"valueName":"search_term_string"}}],"inLanguage":"es"},{"@type":"Organization","@id":"https:\/\/sare.eus\/#organization","name":"Sare Herritarra","url":"https:\/\/sare.eus\/","logo":{"@type":"ImageObject","inLanguage":"es","@id":"https:\/\/sare.eus\/#\/schema\/logo\/image\/","url":"https:\/\/sare.eus\/wp-content\/uploads\/2021\/08\/sare.png","contentUrl":"https:\/\/sare.eus\/wp-content\/uploads\/2021\/08\/sare.png","width":120,"height":142,"caption":"Sare Herritarra"},"image":{"@id":"https:\/\/sare.eus\/#\/schema\/logo\/image\/"}}]}},"_links":{"self":[{"href":"https:\/\/sare.eus\/es\/wp-json\/wp\/v2\/tribe_events\/2958","targetHints":{"allow":["GET"]}}],"collection":[{"href":"https:\/\/sare.eus\/es\/wp-json\/wp\/v2\/tribe_events"}],"about":[{"href":"https:\/\/sare.eus\/es\/wp-json\/wp\/v2\/types\/tribe_events"}],"author":[{"embeddable":true,"href":"https:\/\/sare.eus\/es\/wp-json\/wp\/v2\/users\/2"}],"version-history":[{"count":1,"href":"https:\/\/sare.eus\/es\/wp-json\/wp\/v2\/tribe_events\/2958\/revisions"}],"predecessor-version":[{"id":3344,"href":"https:\/\/sare.eus\/es\/wp-json\/wp\/v2\/tribe_events\/2958\/revisions\/3344"}],"wp:featuredmedia":[{"embeddable":true,"href":"https:\/\/sare.eus\/es\/wp-json\/wp\/v2\/media\/3341"}],"wp:attachment":[{"href":"https:\/\/sare.eus\/es\/wp-json\/wp\/v2\/media?parent=2958"}],"wp:term":[{"taxonomy":"post_tag","embeddable":true,"href":"https:\/\/sare.eus\/es\/wp-json\/wp\/v2\/tags?post=2958"},{"taxonomy":"tribe_events_cat","embeddable":true,"href":"https:\/\/sare.eus\/es\/wp-json\/wp\/v2\/tribe_events_cat?post=2958"}],"curies":[{"name":"wp","href":"https:\/\/api.w.org\/{rel}","templated":true}]}}