{"id":1381,"date":"2021-10-21T08:04:19","date_gmt":"2021-10-21T08:04:19","guid":{"rendered":"http:\/\/650tontor.sare.eus\/dosieres\/"},"modified":"2021-10-21T08:04:22","modified_gmt":"2021-10-21T08:04:22","slug":"dosieres","status":"publish","type":"page","link":"https:\/\/sare.eus\/es\/dosieres\/","title":{"rendered":"Dosieres"},"content":{"rendered":"<p>[et_pb_section fb_built=\u00bb1&#8243; admin_label=\u00bbsection\u00bb _builder_version=\u00bb3.22&#8243; global_colors_info=\u00bb{}\u00bb][et_pb_row admin_label=\u00bbrow\u00bb _builder_version=\u00bb3.25&#8243; background_size=\u00bbinitial\u00bb background_position=\u00bbtop_left\u00bb background_repeat=\u00bbrepeat\u00bb global_colors_info=\u00bb{}\u00bb][et_pb_column type=\u00bb4_4&#8243; _builder_version=\u00bb3.25&#8243; custom_padding=\u00bb|||\u00bb global_colors_info=\u00bb{}\u00bb custom_padding__hover=\u00bb|||\u00bb][et_pb_text admin_label=\u00bbText\u00bb _builder_version=\u00bb4.11.2&#8243; text_text_color=\u00bb#FFFFFF\u00bb header_font=\u00bb|700|||||||\u00bb header_text_color=\u00bb#FFFFFF\u00bb header_font_size=\u00bb58px\u00bb header_2_font=\u00bb|800|||||||\u00bb header_2_text_color=\u00bb#ffffff\u00bb header_2_font_size=\u00bb40px\u00bb background_color=\u00bbgcid-294c822f-21cd-40b9-97bf-4eb5c2bc64ae\u00bb background_size=\u00bbinitial\u00bb background_position=\u00bbtop_left\u00bb background_repeat=\u00bbrepeat\u00bb custom_padding=\u00bb10px|10px||10px|false|true\u00bb hover_enabled=\u00bb0&#8243; border_color_bottom=\u00bb#878787&#8243; global_colors_info=\u00bb{%22gcid-294c822f-21cd-40b9-97bf-4eb5c2bc64ae%22:%91%22background_color%22%93}\u00bb sticky_enabled=\u00bb0&#8243;]<\/p>\n<h2><img loading=\"lazy\" decoding=\"async\" class=\"wp-image-1070 alignnone size-full\" src=\"https:\/\/sare.eus\/wp-content\/uploads\/2021\/10\/gezi-txuria.png\" alt=\"\" width=\"36\" height=\"36\" \/>\u00a0DOSIERES<\/h2>\n<p>[\/et_pb_text][et_pb_text _builder_version=\u00bb4.9.11&#8243; _module_preset=\u00bbdefault\u00bb header_2_font=\u00bb|300|||||||\u00bb global_colors_info=\u00bb{}\u00bb]<\/p>\n<h2>En este apartado encontrar\u00e9is los informes realizados hasta ahora por Sare. \u00a1Abrirlos, leerlos, difundirlos, mandarlos, compartirlos\u2026!<\/h2>\n<p>[\/et_pb_text][\/et_pb_column][\/et_pb_row][et_pb_row column_structure=\u00bb1_3,1_3,1_3&#8243; _builder_version=\u00bb4.9.11&#8243; _module_preset=\u00bbdefault\u00bb global_colors_info=\u00bb{}\u00bb][et_pb_column type=\u00bb1_3&#8243; _builder_version=\u00bb4.9.11&#8243; _module_preset=\u00bbdefault\u00bb background_enable_color=\u00bboff\u00bb custom_padding=\u00bb||||true|false\u00bb global_colors_info=\u00bb{}\u00bb][et_pb_text _builder_version=\u00bb4.11.2&#8243; _module_preset=\u00bbdefault\u00bb text_text_color=\u00bb#FFFFFF\u00bb header_3_font=\u00bb|800||on|||||\u00bb header_3_text_color=\u00bb#FFFFFF\u00bb background_color=\u00bbgcid-294c822f-21cd-40b9-97bf-4eb5c2bc64ae\u00bb custom_padding=\u00bb20px|20px|20px|20px|true|true\u00bb link_option_url=\u00bbhttps:\/\/sare.eus\/wp-content\/uploads\/2021\/08\/preso-gaixoak-eusk.pdf\u00bb link_option_url_new_window=\u00bbon\u00bb hover_enabled=\u00bb0&#8243; global_colors_info=\u00bb{%22gcid-294c822f-21cd-40b9-97bf-4eb5c2bc64ae%22:%91%22background_color%22%93}\u00bb sticky_enabled=\u00bb0&#8243;]<\/p>\n<h3>Informes sobre la situaci\u00f3n de las personas presas gravemente enfermas<\/h3>\n<p>Lista de personas afectadas, diagn\u00f3sticos, situaci\u00f3n jur\u00eddica&#8230;<\/p>\n<p><img decoding=\"async\" src=\"https:\/\/sare.eus\/wp-content\/uploads\/2021\/08\/INFORMEA-GAIXOAK.jpg\" class=\"itzala-informeak\" \/><\/p>\n<p>[\/et_pb_text][et_pb_text _builder_version=\u00bb4.9.11&#8243; _module_preset=\u00bbdefault\u00bb text_text_color=\u00bb#FFFFFF\u00bb header_3_font=\u00bb|800||on|||||\u00bb header_3_text_color=\u00bb#FFFFFF\u00bb background_color=\u00bbgcid-294c822f-21cd-40b9-97bf-4eb5c2bc64ae\u00bb custom_padding=\u00bb20px|20px|20px|20px|true|true\u00bb link_option_url=\u00bbMotxiladun-umeak-espetxe-politika-honen-ondorio-ikustezina-erderaz\u00bb link_option_url_new_window=\u00bbon\u00bb global_colors_info=\u00bb{%22gcid-294c822f-21cd-40b9-97bf-4eb5c2bc64ae%22:%91%22background_color%22%93}\u00bb]<\/p>\n<h3>Motxiladun Umeak consecuencia oculta de esta politica penitenciaria<\/h3>\n<p>Informe realizado por Psicologos\/as, Pedagogos\/as y Profesores\/as<\/p>\n<p><img decoding=\"async\" src=\"https:\/\/sare.eus\/wp-content\/uploads\/2021\/08\/motxiladun-umeak-informea-1.jpg\" class=\"itzala-informeak\" \/>[\/et_pb_text][\/et_pb_column][et_pb_column type=\u00bb1_3&#8243; _builder_version=\u00bb4.9.11&#8243; _module_preset=\u00bbdefault\u00bb background_enable_color=\u00bboff\u00bb custom_padding=\u00bb||||false|false\u00bb global_colors_info=\u00bb{}\u00bb][et_pb_text _builder_version=\u00bb4.9.11&#8243; _module_preset=\u00bbdefault\u00bb text_text_color=\u00bb#FFFFFF\u00bb header_3_font=\u00bb|800||on|||||\u00bb header_3_text_color=\u00bb#FFFFFF\u00bb background_color=\u00bbgcid-294c822f-21cd-40b9-97bf-4eb5c2bc64ae\u00bb custom_padding=\u00bb20px|20px|20px|20px|true|true\u00bb link_option_url=\u00bbhttps:\/\/sare.eus\/wp-content\/uploads\/2021\/08\/2018_Emakumea-eta-Kartzela_Eus.pdf\u00bb link_option_url_new_window=\u00bbon\u00bb global_colors_info=\u00bb{%22gcid-294c822f-21cd-40b9-97bf-4eb5c2bc64ae%22:%91%22background_color%22%93}\u00bb]<\/p>\n<h3>Situaci\u00f3n de las mujeres presas vascas<\/h3>\n<p>Cu\u00e1ntas mujeres presas vascas hay, en qu\u00e9 situaci\u00f3n&#8230;<\/p>\n<p><img decoding=\"async\" src=\"https:\/\/sare.eus\/wp-content\/uploads\/2021\/08\/INFORMEA-EMAKUME-PRESOAK.jpg\" class=\"itzala-informeak\" \/><\/p>\n<p>[\/et_pb_text][et_pb_text _builder_version=\u00bb4.9.11&#8243; _module_preset=\u00bbdefault\u00bb text_text_color=\u00bb#FFFFFF\u00bb header_3_font=\u00bb|800||on|||||\u00bb header_3_text_color=\u00bb#FFFFFF\u00bb background_color=\u00bbgcid-294c822f-21cd-40b9-97bf-4eb5c2bc64ae\u00bb custom_padding=\u00bb20px|20px|20px|20px|true|true\u00bb link_option_url=\u00bbhttps:\/\/sare.eus\/wp-content\/uploads\/2021\/08\/Motxiladun-umeak-PROPOSAMEN-DIDAKTIKOA.pdf\u00bb link_option_url_new_window=\u00bbon\u00bb global_colors_info=\u00bb{%22gcid-294c822f-21cd-40b9-97bf-4eb5c2bc64ae%22:%91%22background_color%22%93}\u00bb]<\/p>\n<h3>Motxiladun Umeak consecuencia oculta de esta politica penitenciaria<\/h3>\n<p>Informe realizado por Psicologos\/as, Pedagogos\/as y Profesores\/as<\/p>\n<p><img decoding=\"async\" src=\"https:\/\/sare.eus\/wp-content\/uploads\/2021\/08\/motxiladun-haurrak.jpg\" class=\"itzala-informeak\" \/><\/p>\n<p>[\/et_pb_text][\/et_pb_column][et_pb_column type=\u00bb1_3&#8243; _builder_version=\u00bb4.9.11&#8243; _module_preset=\u00bbdefault\u00bb background_enable_color=\u00bboff\u00bb custom_padding=\u00bb||||true|true\u00bb global_colors_info=\u00bb{}\u00bb][et_pb_text _builder_version=\u00bb4.9.11&#8243; _module_preset=\u00bbdefault\u00bb text_text_color=\u00bb#FFFFFF\u00bb header_3_font=\u00bb|800||on|||||\u00bb header_3_text_color=\u00bb#FFFFFF\u00bb background_color=\u00bbgcid-294c822f-21cd-40b9-97bf-4eb5c2bc64ae\u00bb custom_padding=\u00bb20px|20px|20px|20px|true|true\u00bb link_option_url=\u00bbhttps:\/\/sare.eus\/wp-content\/uploads\/2021\/08\/zigorren-batuketa.pdf\u00bb link_option_url_new_window=\u00bbon\u00bb global_colors_info=\u00bb{%22gcid-294c822f-21cd-40b9-97bf-4eb5c2bc64ae%22:%91%22background_color%22%93}\u00bb]<\/p>\n<h3>Informe sobre el c\u00f3mputo de penas<\/h3>\n<p>Leyes, aplicaci\u00f3n&#8230;<\/p>\n<p><img decoding=\"async\" src=\"https:\/\/sare.eus\/wp-content\/uploads\/2021\/08\/ZIGORREN-BATUKETA-INFORMEA.jpg\" class=\"itzala-informeak\" \/><\/p>\n<p>[\/et_pb_text][\/et_pb_column][\/et_pb_row][\/et_pb_section]<\/p>\n","protected":false},"excerpt":{"rendered":"<p>\u00a0DOSIERESEn este apartado encontrar\u00e9is los informes realizados hasta ahora por Sare. \u00a1Abrirlos, leerlos, difundirlos, mandarlos, compartirlos\u2026!Informes sobre la situaci\u00f3n de las personas presas gravemente enfermas Lista de personas afectadas, diagn\u00f3sticos, [&hellip;]<\/p>\n","protected":false},"author":1,"featured_media":0,"parent":0,"menu_order":0,"comment_status":"closed","ping_status":"closed","template":"","meta":{"_acf_changed":false,"_et_pb_use_builder":"on","_et_pb_old_content":"","_et_gb_content_width":"","footnotes":""},"class_list":["post-1381","page","type-page","status-publish","hentry"],"acf":[],"yoast_head":"<!-- This site is optimized with the Yoast SEO plugin v26.4 - https:\/\/yoast.com\/wordpress\/plugins\/seo\/ -->\n<title>Dosieres - Sare Herritarra<\/title>\n<meta name=\"robots\" content=\"index, follow, max-snippet:-1, max-image-preview:large, max-video-preview:-1\" \/>\n<link rel=\"canonical\" href=\"https:\/\/sare.eus\/es\/dosieres\/\" \/>\n<meta property=\"og:locale\" content=\"es_ES\" \/>\n<meta property=\"og:type\" content=\"article\" \/>\n<meta property=\"og:title\" content=\"Dosieres - Sare Herritarra\" \/>\n<meta property=\"og:description\" content=\"\u00a0DOSIERESEn este apartado encontrar\u00e9is los informes realizados hasta ahora por Sare. \u00a1Abrirlos, leerlos, difundirlos, mandarlos, compartirlos\u2026!Informes sobre la situaci\u00f3n de las personas presas gravemente enfermas Lista de personas afectadas, diagn\u00f3sticos, [&hellip;]\" \/>\n<meta property=\"og:url\" content=\"https:\/\/sare.eus\/es\/dosieres\/\" \/>\n<meta property=\"og:site_name\" content=\"Sare Herritarra\" \/>\n<meta property=\"article:modified_time\" content=\"2021-10-21T08:04:22+00:00\" \/>\n<meta property=\"og:image\" content=\"https:\/\/sare.eus\/wp-content\/uploads\/2021\/10\/gezi-txuria.png\" \/>\n<meta name=\"twitter:card\" content=\"summary_large_image\" \/>\n<meta name=\"twitter:label1\" content=\"Tiempo de lectura\" \/>\n\t<meta name=\"twitter:data1\" content=\"4 minutos\" \/>\n<script type=\"application\/ld+json\" class=\"yoast-schema-graph\">{\"@context\":\"https:\/\/schema.org\",\"@graph\":[{\"@type\":\"WebPage\",\"@id\":\"https:\/\/sare.eus\/es\/dosieres\/\",\"url\":\"https:\/\/sare.eus\/es\/dosieres\/\",\"name\":\"Dosieres - Sare Herritarra\",\"isPartOf\":{\"@id\":\"https:\/\/sare.eus\/#website\"},\"primaryImageOfPage\":{\"@id\":\"https:\/\/sare.eus\/es\/dosieres\/#primaryimage\"},\"image\":{\"@id\":\"https:\/\/sare.eus\/es\/dosieres\/#primaryimage\"},\"thumbnailUrl\":\"https:\/\/sare.eus\/wp-content\/uploads\/2021\/10\/gezi-txuria.png\",\"datePublished\":\"2021-10-21T08:04:19+00:00\",\"dateModified\":\"2021-10-21T08:04:22+00:00\",\"breadcrumb\":{\"@id\":\"https:\/\/sare.eus\/es\/dosieres\/#breadcrumb\"},\"inLanguage\":\"es\",\"potentialAction\":[{\"@type\":\"ReadAction\",\"target\":[\"https:\/\/sare.eus\/es\/dosieres\/\"]}]},{\"@type\":\"ImageObject\",\"inLanguage\":\"es\",\"@id\":\"https:\/\/sare.eus\/es\/dosieres\/#primaryimage\",\"url\":\"https:\/\/sare.eus\/wp-content\/uploads\/2021\/10\/gezi-txuria.png\",\"contentUrl\":\"https:\/\/sare.eus\/wp-content\/uploads\/2021\/10\/gezi-txuria.png\"},{\"@type\":\"BreadcrumbList\",\"@id\":\"https:\/\/sare.eus\/es\/dosieres\/#breadcrumb\",\"itemListElement\":[{\"@type\":\"ListItem\",\"position\":1,\"name\":\"Home\",\"item\":\"https:\/\/sare.eus\/\"},{\"@type\":\"ListItem\",\"position\":2,\"name\":\"Dosieres\"}]},{\"@type\":\"WebSite\",\"@id\":\"https:\/\/sare.eus\/#website\",\"url\":\"https:\/\/sare.eus\/\",\"name\":\"Sare Herritarra\",\"description\":\"KONPONBIDEAREN ETA GIZA ESKUBIDEEN ALDEKO SARE HERRITARRA\",\"publisher\":{\"@id\":\"https:\/\/sare.eus\/#organization\"},\"potentialAction\":[{\"@type\":\"SearchAction\",\"target\":{\"@type\":\"EntryPoint\",\"urlTemplate\":\"https:\/\/sare.eus\/?s={search_term_string}\"},\"query-input\":{\"@type\":\"PropertyValueSpecification\",\"valueRequired\":true,\"valueName\":\"search_term_string\"}}],\"inLanguage\":\"es\"},{\"@type\":\"Organization\",\"@id\":\"https:\/\/sare.eus\/#organization\",\"name\":\"Sare Herritarra\",\"url\":\"https:\/\/sare.eus\/\",\"logo\":{\"@type\":\"ImageObject\",\"inLanguage\":\"es\",\"@id\":\"https:\/\/sare.eus\/#\/schema\/logo\/image\/\",\"url\":\"https:\/\/sare.eus\/wp-content\/uploads\/2021\/08\/sare.png\",\"contentUrl\":\"https:\/\/sare.eus\/wp-content\/uploads\/2021\/08\/sare.png\",\"width\":120,\"height\":142,\"caption\":\"Sare Herritarra\"},\"image\":{\"@id\":\"https:\/\/sare.eus\/#\/schema\/logo\/image\/\"}}]}<\/script>\n<!-- \/ Yoast SEO plugin. -->","yoast_head_json":{"title":"Dosieres - Sare Herritarra","robots":{"index":"index","follow":"follow","max-snippet":"max-snippet:-1","max-image-preview":"max-image-preview:large","max-video-preview":"max-video-preview:-1"},"canonical":"https:\/\/sare.eus\/es\/dosieres\/","og_locale":"es_ES","og_type":"article","og_title":"Dosieres - Sare Herritarra","og_description":"\u00a0DOSIERESEn este apartado encontrar\u00e9is los informes realizados hasta ahora por Sare. \u00a1Abrirlos, leerlos, difundirlos, mandarlos, compartirlos\u2026!Informes sobre la situaci\u00f3n de las personas presas gravemente enfermas Lista de personas afectadas, diagn\u00f3sticos, [&hellip;]","og_url":"https:\/\/sare.eus\/es\/dosieres\/","og_site_name":"Sare Herritarra","article_modified_time":"2021-10-21T08:04:22+00:00","og_image":[{"url":"https:\/\/sare.eus\/wp-content\/uploads\/2021\/10\/gezi-txuria.png","type":"","width":"","height":""}],"twitter_card":"summary_large_image","twitter_misc":{"Tiempo de lectura":"4 minutos"},"schema":{"@context":"https:\/\/schema.org","@graph":[{"@type":"WebPage","@id":"https:\/\/sare.eus\/es\/dosieres\/","url":"https:\/\/sare.eus\/es\/dosieres\/","name":"Dosieres - Sare Herritarra","isPartOf":{"@id":"https:\/\/sare.eus\/#website"},"primaryImageOfPage":{"@id":"https:\/\/sare.eus\/es\/dosieres\/#primaryimage"},"image":{"@id":"https:\/\/sare.eus\/es\/dosieres\/#primaryimage"},"thumbnailUrl":"https:\/\/sare.eus\/wp-content\/uploads\/2021\/10\/gezi-txuria.png","datePublished":"2021-10-21T08:04:19+00:00","dateModified":"2021-10-21T08:04:22+00:00","breadcrumb":{"@id":"https:\/\/sare.eus\/es\/dosieres\/#breadcrumb"},"inLanguage":"es","potentialAction":[{"@type":"ReadAction","target":["https:\/\/sare.eus\/es\/dosieres\/"]}]},{"@type":"ImageObject","inLanguage":"es","@id":"https:\/\/sare.eus\/es\/dosieres\/#primaryimage","url":"https:\/\/sare.eus\/wp-content\/uploads\/2021\/10\/gezi-txuria.png","contentUrl":"https:\/\/sare.eus\/wp-content\/uploads\/2021\/10\/gezi-txuria.png"},{"@type":"BreadcrumbList","@id":"https:\/\/sare.eus\/es\/dosieres\/#breadcrumb","itemListElement":[{"@type":"ListItem","position":1,"name":"Home","item":"https:\/\/sare.eus\/"},{"@type":"ListItem","position":2,"name":"Dosieres"}]},{"@type":"WebSite","@id":"https:\/\/sare.eus\/#website","url":"https:\/\/sare.eus\/","name":"Sare Herritarra","description":"KONPONBIDEAREN ETA GIZA ESKUBIDEEN ALDEKO SARE HERRITARRA","publisher":{"@id":"https:\/\/sare.eus\/#organization"},"potentialAction":[{"@type":"SearchAction","target":{"@type":"EntryPoint","urlTemplate":"https:\/\/sare.eus\/?s={search_term_string}"},"query-input":{"@type":"PropertyValueSpecification","valueRequired":true,"valueName":"search_term_string"}}],"inLanguage":"es"},{"@type":"Organization","@id":"https:\/\/sare.eus\/#organization","name":"Sare Herritarra","url":"https:\/\/sare.eus\/","logo":{"@type":"ImageObject","inLanguage":"es","@id":"https:\/\/sare.eus\/#\/schema\/logo\/image\/","url":"https:\/\/sare.eus\/wp-content\/uploads\/2021\/08\/sare.png","contentUrl":"https:\/\/sare.eus\/wp-content\/uploads\/2021\/08\/sare.png","width":120,"height":142,"caption":"Sare Herritarra"},"image":{"@id":"https:\/\/sare.eus\/#\/schema\/logo\/image\/"}}]}},"_links":{"self":[{"href":"https:\/\/sare.eus\/es\/wp-json\/wp\/v2\/pages\/1381","targetHints":{"allow":["GET"]}}],"collection":[{"href":"https:\/\/sare.eus\/es\/wp-json\/wp\/v2\/pages"}],"about":[{"href":"https:\/\/sare.eus\/es\/wp-json\/wp\/v2\/types\/page"}],"author":[{"embeddable":true,"href":"https:\/\/sare.eus\/es\/wp-json\/wp\/v2\/users\/1"}],"replies":[{"embeddable":true,"href":"https:\/\/sare.eus\/es\/wp-json\/wp\/v2\/comments?post=1381"}],"version-history":[{"count":2,"href":"https:\/\/sare.eus\/es\/wp-json\/wp\/v2\/pages\/1381\/revisions"}],"predecessor-version":[{"id":1383,"href":"https:\/\/sare.eus\/es\/wp-json\/wp\/v2\/pages\/1381\/revisions\/1383"}],"wp:attachment":[{"href":"https:\/\/sare.eus\/es\/wp-json\/wp\/v2\/media?parent=1381"}],"curies":[{"name":"wp","href":"https:\/\/api.w.org\/{rel}","templated":true}]}}