{"id":1286,"date":"2021-10-20T09:33:13","date_gmt":"2021-10-20T09:33:13","guid":{"rendered":"http:\/\/650tontor.sare.eus\/hacerse-socixs\/"},"modified":"2021-11-10T10:01:28","modified_gmt":"2021-11-10T10:01:28","slug":"hacerse-socixs","status":"publish","type":"page","link":"https:\/\/sare.eus\/es\/hacerse-socixs\/","title":{"rendered":"Hacerse socixs"},"content":{"rendered":"<p>[et_pb_section fb_built=\u00bb1&#8243; _builder_version=\u00bb4.9.11&#8243; _module_preset=\u00bbdefault\u00bb global_colors_info=\u00bb{}\u00bb][et_pb_row _builder_version=\u00bb4.9.11&#8243; _module_preset=\u00bbdefault\u00bb global_colors_info=\u00bb{}\u00bb][et_pb_column type=\u00bb4_4&#8243; _builder_version=\u00bb4.9.11&#8243; _module_preset=\u00bbdefault\u00bb global_colors_info=\u00bb{}\u00bb][et_pb_text _builder_version=\u00bb4.9.11&#8243; _module_preset=\u00bbdefault\u00bb header_2_font=\u00bb|800|||||||\u00bb header_2_text_color=\u00bb#FFFFFF\u00bb header_2_font_size=\u00bb40px\u00bb background_color=\u00bb#595959&#8243; custom_padding=\u00bb10px|20px|5px|20px|false|true\u00bb global_colors_info=\u00bb{}\u00bb]<\/p>\n<h2><img loading=\"lazy\" decoding=\"async\" src=\"https:\/\/sare.eus\/wp-content\/uploads\/2021\/10\/gezi-txuria.png\" width=\"36\" height=\"36\" alt=\"\" class=\"wp-image-1070 alignnone size-full\" \/>\u00a0BAZKIDETU<\/h2>\n<p>[\/et_pb_text][et_pb_text _builder_version=\u00bb4.9.11&#8243; _module_preset=\u00bbdefault\u00bb global_colors_info=\u00bb{}\u00bb]<\/p>\n<p>Son ya muchos a\u00f1os, m\u00e1s de dos d\u00e9cadas, de vulneraciones continuas de los derechos humanos de las personas presas, exiliadas y deportadas, as\u00ed como de los de sus familiares, a causa de la dispersi\u00f3n \u2013con sus secuelas: aislamiento, presas y presos enfermos, accidentes en viajes, coste econ\u00f3mico y emocional\u2026- y del exilio.  Y es hora ya de tejer una gran red de personas comprometidas que logre poner fin todas estas vulneraciones.<\/p>\n<p>Con ese objetivo naci\u00f3 Sare hace un a\u00f1o, para tejer red, activar, conectar entre s\u00ed a personas de diferentes \u00e1mbitos que tengan entre sus valores la defensa de los derechos humanos de todas las personas.<\/p>\n<p>Ahora, tras nuestros  primeros pasos, creemos que es el momento de intensificar esta labor, para responder a una de las prioridades de la sociedad vasca: Acabar con la dispersi\u00f3n y traer a las personas presas, refugiadas y deportadas a sus casas.<\/p>\n<p>Para  fortalecer las din\u00e1micas necesarias para avanzar hacia esos objetivos, necesitamos de aportaciones tanto humanas como econ\u00f3micas.<\/p>\n<p>[\/et_pb_text][et_pb_testimonial portrait_url=\u00bbhttps:\/\/sare.eus\/wp-content\/uploads\/2021\/08\/sare.png\u00bb _builder_version=\u00bb4.11.2&#8243; _module_preset=\u00bbdefault\u00bb body_font_size=\u00bb18px\u00bb global_colors_info=\u00bb{}\u00bb]<\/p>\n<p><strong>Si te interesan nuestros planteamientos, si coincides en los objetivos, si quieres participar y aportar econ\u00f3micamente te invitamos a hacerte SOCIX y de esta forma ser tambi\u00e9n parte de Sare, ser Sare.<\/strong><\/p>\n<p>[\/et_pb_testimonial][\/et_pb_column][\/et_pb_row][et_pb_row disabled_on=\u00bbon|off|off\u00bb _builder_version=\u00bb4.11.2&#8243; _module_preset=\u00bbdefault\u00bb global_colors_info=\u00bb{}\u00bb][et_pb_column type=\u00bb4_4&#8243; _builder_version=\u00bb4.9.11&#8243; _module_preset=\u00bbdefault\u00bb global_colors_info=\u00bb{}\u00bb][et_pb_contact_form email=\u00bbadministrazioa@sare.eus\u00bb submit_button_text=\u00bbEnviar\u00bb _builder_version=\u00bb4.11.3&#8243; _module_preset=\u00bbdefault\u00bb background_color=\u00bb#8bcae5&#8243; custom_button=\u00bbon\u00bb button_use_icon=\u00bboff\u00bb button_custom_margin=\u00bb||||false|false\u00bb button_custom_padding=\u00bb|50px||50px|false|true\u00bb custom_padding=\u00bb15px|15px|15px|15px|true|true\u00bb global_colors_info=\u00bb{}\u00bb][et_pb_contact_field field_id=\u00bbIzena\u00bb field_title=\u00bbNombre\u00bb _builder_version=\u00bb4.9.11&#8243; width=\u00bb33.33%\u00bb max_width=\u00bb33.33%\u00bb global_colors_info=\u00bb{}\u00bb button_text_size__hover_enabled=\u00bboff\u00bb button_one_text_size__hover_enabled=\u00bboff\u00bb button_two_text_size__hover_enabled=\u00bboff\u00bb button_text_color__hover_enabled=\u00bboff\u00bb button_one_text_color__hover_enabled=\u00bboff\u00bb button_two_text_color__hover_enabled=\u00bboff\u00bb button_border_width__hover_enabled=\u00bboff\u00bb button_one_border_width__hover_enabled=\u00bboff\u00bb button_two_border_width__hover_enabled=\u00bboff\u00bb button_border_color__hover_enabled=\u00bboff\u00bb button_one_border_color__hover_enabled=\u00bboff\u00bb button_two_border_color__hover_enabled=\u00bboff\u00bb button_border_radius__hover_enabled=\u00bboff\u00bb button_one_border_radius__hover_enabled=\u00bboff\u00bb button_two_border_radius__hover_enabled=\u00bboff\u00bb button_letter_spacing__hover_enabled=\u00bboff\u00bb button_one_letter_spacing__hover_enabled=\u00bboff\u00bb button_two_letter_spacing__hover_enabled=\u00bboff\u00bb button_bg_color__hover_enabled=\u00bboff\u00bb button_one_bg_color__hover_enabled=\u00bboff\u00bb button_two_bg_color__hover_enabled=\u00bboff\u00bb][\/et_pb_contact_field][et_pb_contact_field field_id=\u00bbAbizenak\u00bb field_title=\u00bbApellidos\u00bb _builder_version=\u00bb4.9.11&#8243; _module_preset=\u00bbdefault\u00bb width=\u00bb33.33%\u00bb max_width=\u00bb33.33%\u00bb global_colors_info=\u00bb{}\u00bb][\/et_pb_contact_field][et_pb_contact_field field_id=\u00bbNAN\u00bb field_title=\u00bbDNI\u00bb _builder_version=\u00bb4.9.11&#8243; _module_preset=\u00bbdefault\u00bb width=\u00bb33.33%\u00bb max_width=\u00bb33.33%\u00bb custom_css_main_element=\u00bbMax-width: 33.33%;||Float: left;||Clear: none !important;\u00bb global_colors_info=\u00bb{}\u00bb][\/et_pb_contact_field][et_pb_contact_field field_id=\u00bbHelbidea\u00bb field_title=\u00bbDirecci\u00f3n\u00bb _builder_version=\u00bb4.9.11&#8243; _module_preset=\u00bbdefault\u00bb width=\u00bb33.33%\u00bb max_width=\u00bb33.33%\u00bb global_colors_info=\u00bb{}\u00bb][\/et_pb_contact_field][et_pb_contact_field field_id=\u00bbHerria\u00bb field_title=\u00bbPueblo\u00bb _builder_version=\u00bb4.9.11&#8243; _module_preset=\u00bbdefault\u00bb custom_css_main_element=\u00bbMax-width: 33.33%;||Float: left;||Clear: none !important;\u00bb global_colors_info=\u00bb{}\u00bb][\/et_pb_contact_field][et_pb_contact_field field_id=\u00bbProbintzia\u00bb field_title=\u00bbProvincia\u00bb _builder_version=\u00bb4.9.11&#8243; _module_preset=\u00bbdefault\u00bb custom_css_main_element=\u00bbMax-width: 33.33%;||Float: left;||Clear: none !important;\u00bb global_colors_info=\u00bb{}\u00bb][\/et_pb_contact_field][et_pb_contact_field field_id=\u00bbPosta_kodea\u00bb field_title=\u00bbC\u00f3digo Postal\u00bb _builder_version=\u00bb4.9.11&#8243; _module_preset=\u00bbdefault\u00bb custom_css_main_element=\u00bbMax-width: 33.33%;||Float: left;||Clear: none !important;\u00bb global_colors_info=\u00bb{}\u00bb][\/et_pb_contact_field][et_pb_contact_field field_id=\u00bbTelefonoa\u00bb field_title=\u00bbTel\u00e9fono\u00bb _builder_version=\u00bb4.9.11&#8243; _module_preset=\u00bbdefault\u00bb custom_css_main_element=\u00bbMax-width: 33.33%;||Float: left;||Clear: none !important;\u00bb global_colors_info=\u00bb{}\u00bb][\/et_pb_contact_field][et_pb_contact_field field_id=\u00bbE-posta\u00bb field_title=\u00bbEmail\u00bb _builder_version=\u00bb4.9.11&#8243; _module_preset=\u00bbdefault\u00bb custom_css_main_element=\u00bbMax-width: 33.33%;||Float: left;||Clear: none !important;\u00bb global_colors_info=\u00bb{}\u00bb][\/et_pb_contact_field][et_pb_contact_field field_id=\u00bbLaguntza_kopurua\u00bb field_title=\u00bbCANTIDAD DE LA AYUDA\u00bb field_type=\u00bbselect\u00bb select_options=\u00bb%91{%22value%22:%2210 \u20ac\/hilabetean%22,%22checked%22:0,%22dragID%22:-1},{%22value%22:%2215 \u20ac\/hilabetean%22,%22checked%22:0,%22dragID%22:0},{%22value%22:%2220 \u20ac\/hilabetean%22,%22checked%22:0,%22dragID%22:1},{%22value%22:%2225 \u20ac\/hilabetean%22,%22checked%22:0,%22dragID%22:2},{%22value%22:%2230 \u20ac\/hilabetean%22,%22checked%22:0,%22dragID%22:3},{%22value%22:%2235 \u20ac\/hilabetean%22,%22checked%22:0,%22dragID%22:4},{%22value%22:%2240 \u20ac\/hilabetean%22,%22checked%22:0,%22dragID%22:5},{%22value%22:%2245 \u20ac\/hilabetean%22,%22checked%22:0,%22dragID%22:6},{%22value%22:%2250 \u20ac\/hilabetean%22,%22checked%22:0,%22dragID%22:7},{%22value%22:%2275 \u20ac\/hilabetean%22,%22checked%22:0,%22dragID%22:8},{%22value%22:%22100 \u20ac\/hilabetean%22,%22checked%22:0,%22dragID%22:9}%93&#8243; _builder_version=\u00bb4.11.2&#8243; _module_preset=\u00bbdefault\u00bb global_colors_info=\u00bb{}\u00bb][\/et_pb_contact_field][et_pb_contact_field field_id=\u00bbKuota_pasatzeko_datak\u00bb field_title=\u00bbFechas para pasar las cuotas\u00bb field_type=\u00bbcheckbox\u00bb checkbox_options=\u00bb%91{%22value%22:%221-15%22,%22checked%22:0,%22dragID%22:-1},{%22value%22:%2215-30%22,%22checked%22:0,%22dragID%22:0}%93&#8243; fullwidth_field=\u00bbon\u00bb _builder_version=\u00bb4.11.2&#8243; _module_preset=\u00bbdefault\u00bb global_colors_info=\u00bb{}\u00bb][\/et_pb_contact_field][et_pb_contact_field field_id=\u00bbKontu_Korrontea\u00bb field_title=\u00bbCuenta Corriente\u00bb min_length=\u00bb20&#8243; max_length=\u00bb20&#8243; allowed_symbols=\u00bbnumbers\u00bb _builder_version=\u00bb4.11.2&#8243; _module_preset=\u00bbdefault\u00bb custom_css_main_element=\u00bbMax-width: 33.33%;||Float: left;||Clear: none !important;\u00bb global_colors_info=\u00bb{}\u00bb][\/et_pb_contact_field][et_pb_contact_field field_id=\u00bbOnarpena\u00bb field_title=\u00bbAceptaci\u00f3n\u00bb field_type=\u00bbcheckbox\u00bb checkbox_options=\u00bb%91{%22value%22:%2215\/1999ko Lege Organikoaren arabera, datu pertsonalen babeserako, dokumentu honetan biltzen diren datuak eta behar izango genituzkeenak fitxategi informatizatu batean gordeko direla jakinarazten da, horren arduraduna SARE izanik. Zure datuetan aldaketaren bat egitekotan, idatzita jakinaraztea eskatzen da. Sarbiderako, zuzenketarako, ezabatzeko edo aurka jartzeko eskubideak legeak ezarritako mugetan jardun ahal izango da, hurrengo helbidera: C\/ Zaldiaran plaza, 8 Behea 01012 Gasteiz ARABA.%22,%22checked%22:0,%22dragID%22:-1}%93&#8243; fullwidth_field=\u00bbon\u00bb _builder_version=\u00bb4.11.2&#8243; _module_preset=\u00bbdefault\u00bb global_colors_info=\u00bb{}\u00bb][\/et_pb_contact_field][\/et_pb_contact_form][\/et_pb_column][\/et_pb_row][et_pb_row disabled_on=\u00bboff|on|on\u00bb _builder_version=\u00bb4.11.2&#8243; _module_preset=\u00bbdefault\u00bb global_colors_info=\u00bb{}\u00bb][et_pb_column type=\u00bb4_4&#8243; _builder_version=\u00bb4.9.11&#8243; _module_preset=\u00bbdefault\u00bb global_colors_info=\u00bb{}\u00bb][et_pb_contact_form submit_button_text=\u00bbEnviar\u00bb _builder_version=\u00bb4.11.3&#8243; _module_preset=\u00bbdefault\u00bb background_color=\u00bb#8bcae5&#8243; custom_button=\u00bbon\u00bb button_use_icon=\u00bboff\u00bb button_custom_margin=\u00bb10px||||false|false\u00bb button_custom_padding=\u00bb|50px||50px|false|true\u00bb custom_padding=\u00bb15px|15px|15px|15px|true|true\u00bb hover_enabled=\u00bb0&#8243; global_colors_info=\u00bb{}\u00bb email=\u00bbadministrazioa@sare.eus\u00bb sticky_enabled=\u00bb0&#8243;][et_pb_contact_field field_id=\u00bbIzena\u00bb field_title=\u00bbNombre\u00bb fullwidth_field=\u00bbon\u00bb _builder_version=\u00bb4.11.2&#8243; width=\u00bb100%\u00bb max_width=\u00bb100%\u00bb global_colors_info=\u00bb{}\u00bb button_text_size__hover_enabled=\u00bboff\u00bb button_one_text_size__hover_enabled=\u00bboff\u00bb button_two_text_size__hover_enabled=\u00bboff\u00bb button_text_color__hover_enabled=\u00bboff\u00bb button_one_text_color__hover_enabled=\u00bboff\u00bb button_two_text_color__hover_enabled=\u00bboff\u00bb button_border_width__hover_enabled=\u00bboff\u00bb button_one_border_width__hover_enabled=\u00bboff\u00bb button_two_border_width__hover_enabled=\u00bboff\u00bb button_border_color__hover_enabled=\u00bboff\u00bb button_one_border_color__hover_enabled=\u00bboff\u00bb button_two_border_color__hover_enabled=\u00bboff\u00bb button_border_radius__hover_enabled=\u00bboff\u00bb button_one_border_radius__hover_enabled=\u00bboff\u00bb button_two_border_radius__hover_enabled=\u00bboff\u00bb button_letter_spacing__hover_enabled=\u00bboff\u00bb button_one_letter_spacing__hover_enabled=\u00bboff\u00bb button_two_letter_spacing__hover_enabled=\u00bboff\u00bb button_bg_color__hover_enabled=\u00bboff\u00bb button_one_bg_color__hover_enabled=\u00bboff\u00bb button_two_bg_color__hover_enabled=\u00bboff\u00bb][\/et_pb_contact_field][et_pb_contact_field field_id=\u00bbAbizenak\u00bb field_title=\u00bbApellidos\u00bb _builder_version=\u00bb4.11.2&#8243; _module_preset=\u00bbdefault\u00bb width=\u00bb100%\u00bb max_width=\u00bb100%\u00bb global_colors_info=\u00bb{}\u00bb][\/et_pb_contact_field][et_pb_contact_field field_id=\u00bbNAN\u00bb field_title=\u00bbDNI\u00bb fullwidth_field=\u00bbon\u00bb _builder_version=\u00bb4.11.2&#8243; _module_preset=\u00bbdefault\u00bb width=\u00bb100%\u00bb max_width=\u00bb100%\u00bb global_colors_info=\u00bb{}\u00bb][\/et_pb_contact_field][et_pb_contact_field field_id=\u00bbHelbidea\u00bb field_title=\u00bbDirecci\u00f3n\u00bb _builder_version=\u00bb4.11.2&#8243; _module_preset=\u00bbdefault\u00bb width=\u00bb100%\u00bb max_width=\u00bb100%\u00bb global_colors_info=\u00bb{}\u00bb][\/et_pb_contact_field][et_pb_contact_field field_id=\u00bbHerria\u00bb field_title=\u00bbPueblo\u00bb _builder_version=\u00bb4.11.2&#8243; _module_preset=\u00bbdefault\u00bb global_colors_info=\u00bb{}\u00bb][\/et_pb_contact_field][et_pb_contact_field field_id=\u00bbProbintzia\u00bb field_title=\u00bbProvincia\u00bb _builder_version=\u00bb4.11.2&#8243; _module_preset=\u00bbdefault\u00bb global_colors_info=\u00bb{}\u00bb][\/et_pb_contact_field][et_pb_contact_field field_id=\u00bbPosta_kodea\u00bb field_title=\u00bbC\u00f3digo Postal\u00bb _builder_version=\u00bb4.11.2&#8243; _module_preset=\u00bbdefault\u00bb global_colors_info=\u00bb{}\u00bb][\/et_pb_contact_field][et_pb_contact_field field_id=\u00bbTelefonoa\u00bb field_title=\u00bbTel\u00e9fono\u00bb _builder_version=\u00bb4.11.2&#8243; _module_preset=\u00bbdefault\u00bb global_colors_info=\u00bb{}\u00bb][\/et_pb_contact_field][et_pb_contact_field field_id=\u00bbE-posta\u00bb field_title=\u00bbEmail\u00bb _builder_version=\u00bb4.11.2&#8243; _module_preset=\u00bbdefault\u00bb global_colors_info=\u00bb{}\u00bb][\/et_pb_contact_field][et_pb_contact_field field_id=\u00bbLaguntza_kopurua\u00bb field_title=\u00bbCANTIDAD DE LA AYUDA\u00bb field_type=\u00bbselect\u00bb select_options=\u00bb%91{%22value%22:%2210 \u20ac\/hilabetean%22,%22checked%22:0,%22dragID%22:-1},{%22value%22:%2215 \u20ac\/hilabetean%22,%22checked%22:0,%22dragID%22:0},{%22value%22:%2220 \u20ac\/hilabetean%22,%22checked%22:0,%22dragID%22:1},{%22value%22:%2225 \u20ac\/hilabetean%22,%22checked%22:0,%22dragID%22:2},{%22value%22:%2230 \u20ac\/hilabetean%22,%22checked%22:0,%22dragID%22:3},{%22value%22:%2235 \u20ac\/hilabetean%22,%22checked%22:0,%22dragID%22:4},{%22value%22:%2240 \u20ac\/hilabetean%22,%22checked%22:0,%22dragID%22:5},{%22value%22:%2245 \u20ac\/hilabetean%22,%22checked%22:0,%22dragID%22:6},{%22value%22:%2250 \u20ac\/hilabetean%22,%22checked%22:0,%22dragID%22:7},{%22value%22:%2275 \u20ac\/hilabetean%22,%22checked%22:0,%22dragID%22:8},{%22value%22:%22100 \u20ac\/hilabetean%22,%22checked%22:0,%22dragID%22:9}%93&#8243; _builder_version=\u00bb4.11.2&#8243; _module_preset=\u00bbdefault\u00bb global_colors_info=\u00bb{}\u00bb][\/et_pb_contact_field][et_pb_contact_field field_id=\u00bbKuota_pasatzeko_datak\u00bb field_title=\u00bbFechas para pasar las cuotas\u00bb field_type=\u00bbcheckbox\u00bb checkbox_options=\u00bb%91{%22value%22:%221-15%22,%22checked%22:0,%22dragID%22:-1},{%22value%22:%2215-30%22,%22checked%22:0,%22dragID%22:0}%93&#8243; fullwidth_field=\u00bbon\u00bb _builder_version=\u00bb4.11.2&#8243; _module_preset=\u00bbdefault\u00bb global_colors_info=\u00bb{}\u00bb][\/et_pb_contact_field][et_pb_contact_field field_id=\u00bbKontu_Korrontea\u00bb field_title=\u00bbCuenta Corriente\u00bb min_length=\u00bb20&#8243; max_length=\u00bb20&#8243; allowed_symbols=\u00bbnumbers\u00bb _builder_version=\u00bb4.11.2&#8243; _module_preset=\u00bbdefault\u00bb global_colors_info=\u00bb{}\u00bb][\/et_pb_contact_field][et_pb_contact_field field_id=\u00bbOnarpena\u00bb field_title=\u00bbAceptaci\u00f3n\u00bb field_type=\u00bbcheckbox\u00bb checkbox_options=\u00bb%91{%22value%22:%2215\/1999ko Lege Organikoaren arabera, datu pertsonalen babeserako, dokumentu honetan biltzen diren datuak eta behar izango genituzkeenak fitxategi informatizatu batean gordeko direla jakinarazten da, horren arduraduna SARE izanik. Zure datuetan aldaketaren bat egitekotan, idatzita jakinaraztea eskatzen da. Sarbiderako, zuzenketarako, ezabatzeko edo aurka jartzeko eskubideak legeak ezarritako mugetan jardun ahal izango da, hurrengo helbidera: C\/ Zaldiaran plaza, 8 Behea 01012 Gasteiz ARABA.%22,%22checked%22:0,%22dragID%22:-1}%93&#8243; fullwidth_field=\u00bbon\u00bb _builder_version=\u00bb4.11.2&#8243; _module_preset=\u00bbdefault\u00bb global_colors_info=\u00bb{}\u00bb][\/et_pb_contact_field][\/et_pb_contact_form][\/et_pb_column][\/et_pb_row][\/et_pb_section]<\/p>\n","protected":false},"excerpt":{"rendered":"<p>\u00a0BAZKIDETUSon ya muchos a\u00f1os, m\u00e1s de dos d\u00e9cadas, de vulneraciones continuas de los derechos humanos de las personas presas, exiliadas y deportadas, as\u00ed como de los de sus familiares, a [&hellip;]<\/p>\n","protected":false},"author":1,"featured_media":0,"parent":0,"menu_order":0,"comment_status":"closed","ping_status":"closed","template":"","meta":{"_acf_changed":false,"_et_pb_use_builder":"on","_et_pb_old_content":"","_et_gb_content_width":"","footnotes":""},"class_list":["post-1286","page","type-page","status-publish","hentry"],"acf":[],"yoast_head":"<!-- This site is optimized with the Yoast SEO plugin v26.4 - https:\/\/yoast.com\/wordpress\/plugins\/seo\/ -->\n<title>Hacerse socixs - Sare Herritarra<\/title>\n<meta name=\"robots\" content=\"index, follow, max-snippet:-1, max-image-preview:large, max-video-preview:-1\" \/>\n<link rel=\"canonical\" href=\"https:\/\/sare.eus\/es\/hacerse-socixs\/\" \/>\n<meta property=\"og:locale\" content=\"es_ES\" \/>\n<meta property=\"og:type\" content=\"article\" \/>\n<meta property=\"og:title\" content=\"Hacerse socixs - Sare Herritarra\" \/>\n<meta property=\"og:description\" content=\"\u00a0BAZKIDETUSon ya muchos a\u00f1os, m\u00e1s de dos d\u00e9cadas, de vulneraciones continuas de los derechos humanos de las personas presas, exiliadas y deportadas, as\u00ed como de los de sus familiares, a [&hellip;]\" \/>\n<meta property=\"og:url\" content=\"https:\/\/sare.eus\/es\/hacerse-socixs\/\" \/>\n<meta property=\"og:site_name\" content=\"Sare Herritarra\" \/>\n<meta property=\"article:modified_time\" content=\"2021-11-10T10:01:28+00:00\" \/>\n<meta property=\"og:image\" content=\"https:\/\/sare.eus\/wp-content\/uploads\/2021\/10\/gezi-txuria.png\" \/>\n<meta name=\"twitter:card\" content=\"summary_large_image\" \/>\n<meta name=\"twitter:label1\" content=\"Tiempo de lectura\" \/>\n\t<meta name=\"twitter:data1\" content=\"9 minutos\" \/>\n<script type=\"application\/ld+json\" class=\"yoast-schema-graph\">{\"@context\":\"https:\/\/schema.org\",\"@graph\":[{\"@type\":\"WebPage\",\"@id\":\"https:\/\/sare.eus\/es\/hacerse-socixs\/\",\"url\":\"https:\/\/sare.eus\/es\/hacerse-socixs\/\",\"name\":\"Hacerse socixs - Sare Herritarra\",\"isPartOf\":{\"@id\":\"https:\/\/sare.eus\/#website\"},\"primaryImageOfPage\":{\"@id\":\"https:\/\/sare.eus\/es\/hacerse-socixs\/#primaryimage\"},\"image\":{\"@id\":\"https:\/\/sare.eus\/es\/hacerse-socixs\/#primaryimage\"},\"thumbnailUrl\":\"https:\/\/sare.eus\/wp-content\/uploads\/2021\/10\/gezi-txuria.png\",\"datePublished\":\"2021-10-20T09:33:13+00:00\",\"dateModified\":\"2021-11-10T10:01:28+00:00\",\"breadcrumb\":{\"@id\":\"https:\/\/sare.eus\/es\/hacerse-socixs\/#breadcrumb\"},\"inLanguage\":\"es\",\"potentialAction\":[{\"@type\":\"ReadAction\",\"target\":[\"https:\/\/sare.eus\/es\/hacerse-socixs\/\"]}]},{\"@type\":\"ImageObject\",\"inLanguage\":\"es\",\"@id\":\"https:\/\/sare.eus\/es\/hacerse-socixs\/#primaryimage\",\"url\":\"https:\/\/sare.eus\/wp-content\/uploads\/2021\/10\/gezi-txuria.png\",\"contentUrl\":\"https:\/\/sare.eus\/wp-content\/uploads\/2021\/10\/gezi-txuria.png\"},{\"@type\":\"BreadcrumbList\",\"@id\":\"https:\/\/sare.eus\/es\/hacerse-socixs\/#breadcrumb\",\"itemListElement\":[{\"@type\":\"ListItem\",\"position\":1,\"name\":\"Home\",\"item\":\"https:\/\/sare.eus\/\"},{\"@type\":\"ListItem\",\"position\":2,\"name\":\"Hacerse socixs\"}]},{\"@type\":\"WebSite\",\"@id\":\"https:\/\/sare.eus\/#website\",\"url\":\"https:\/\/sare.eus\/\",\"name\":\"Sare Herritarra\",\"description\":\"KONPONBIDEAREN ETA GIZA ESKUBIDEEN ALDEKO SARE HERRITARRA\",\"publisher\":{\"@id\":\"https:\/\/sare.eus\/#organization\"},\"potentialAction\":[{\"@type\":\"SearchAction\",\"target\":{\"@type\":\"EntryPoint\",\"urlTemplate\":\"https:\/\/sare.eus\/?s={search_term_string}\"},\"query-input\":{\"@type\":\"PropertyValueSpecification\",\"valueRequired\":true,\"valueName\":\"search_term_string\"}}],\"inLanguage\":\"es\"},{\"@type\":\"Organization\",\"@id\":\"https:\/\/sare.eus\/#organization\",\"name\":\"Sare Herritarra\",\"url\":\"https:\/\/sare.eus\/\",\"logo\":{\"@type\":\"ImageObject\",\"inLanguage\":\"es\",\"@id\":\"https:\/\/sare.eus\/#\/schema\/logo\/image\/\",\"url\":\"https:\/\/sare.eus\/wp-content\/uploads\/2021\/08\/sare.png\",\"contentUrl\":\"https:\/\/sare.eus\/wp-content\/uploads\/2021\/08\/sare.png\",\"width\":120,\"height\":142,\"caption\":\"Sare Herritarra\"},\"image\":{\"@id\":\"https:\/\/sare.eus\/#\/schema\/logo\/image\/\"}}]}<\/script>\n<!-- \/ Yoast SEO plugin. -->","yoast_head_json":{"title":"Hacerse socixs - Sare Herritarra","robots":{"index":"index","follow":"follow","max-snippet":"max-snippet:-1","max-image-preview":"max-image-preview:large","max-video-preview":"max-video-preview:-1"},"canonical":"https:\/\/sare.eus\/es\/hacerse-socixs\/","og_locale":"es_ES","og_type":"article","og_title":"Hacerse socixs - Sare Herritarra","og_description":"\u00a0BAZKIDETUSon ya muchos a\u00f1os, m\u00e1s de dos d\u00e9cadas, de vulneraciones continuas de los derechos humanos de las personas presas, exiliadas y deportadas, as\u00ed como de los de sus familiares, a [&hellip;]","og_url":"https:\/\/sare.eus\/es\/hacerse-socixs\/","og_site_name":"Sare Herritarra","article_modified_time":"2021-11-10T10:01:28+00:00","og_image":[{"url":"https:\/\/sare.eus\/wp-content\/uploads\/2021\/10\/gezi-txuria.png","type":"","width":"","height":""}],"twitter_card":"summary_large_image","twitter_misc":{"Tiempo de lectura":"9 minutos"},"schema":{"@context":"https:\/\/schema.org","@graph":[{"@type":"WebPage","@id":"https:\/\/sare.eus\/es\/hacerse-socixs\/","url":"https:\/\/sare.eus\/es\/hacerse-socixs\/","name":"Hacerse socixs - Sare Herritarra","isPartOf":{"@id":"https:\/\/sare.eus\/#website"},"primaryImageOfPage":{"@id":"https:\/\/sare.eus\/es\/hacerse-socixs\/#primaryimage"},"image":{"@id":"https:\/\/sare.eus\/es\/hacerse-socixs\/#primaryimage"},"thumbnailUrl":"https:\/\/sare.eus\/wp-content\/uploads\/2021\/10\/gezi-txuria.png","datePublished":"2021-10-20T09:33:13+00:00","dateModified":"2021-11-10T10:01:28+00:00","breadcrumb":{"@id":"https:\/\/sare.eus\/es\/hacerse-socixs\/#breadcrumb"},"inLanguage":"es","potentialAction":[{"@type":"ReadAction","target":["https:\/\/sare.eus\/es\/hacerse-socixs\/"]}]},{"@type":"ImageObject","inLanguage":"es","@id":"https:\/\/sare.eus\/es\/hacerse-socixs\/#primaryimage","url":"https:\/\/sare.eus\/wp-content\/uploads\/2021\/10\/gezi-txuria.png","contentUrl":"https:\/\/sare.eus\/wp-content\/uploads\/2021\/10\/gezi-txuria.png"},{"@type":"BreadcrumbList","@id":"https:\/\/sare.eus\/es\/hacerse-socixs\/#breadcrumb","itemListElement":[{"@type":"ListItem","position":1,"name":"Home","item":"https:\/\/sare.eus\/"},{"@type":"ListItem","position":2,"name":"Hacerse socixs"}]},{"@type":"WebSite","@id":"https:\/\/sare.eus\/#website","url":"https:\/\/sare.eus\/","name":"Sare Herritarra","description":"KONPONBIDEAREN ETA GIZA ESKUBIDEEN ALDEKO SARE HERRITARRA","publisher":{"@id":"https:\/\/sare.eus\/#organization"},"potentialAction":[{"@type":"SearchAction","target":{"@type":"EntryPoint","urlTemplate":"https:\/\/sare.eus\/?s={search_term_string}"},"query-input":{"@type":"PropertyValueSpecification","valueRequired":true,"valueName":"search_term_string"}}],"inLanguage":"es"},{"@type":"Organization","@id":"https:\/\/sare.eus\/#organization","name":"Sare Herritarra","url":"https:\/\/sare.eus\/","logo":{"@type":"ImageObject","inLanguage":"es","@id":"https:\/\/sare.eus\/#\/schema\/logo\/image\/","url":"https:\/\/sare.eus\/wp-content\/uploads\/2021\/08\/sare.png","contentUrl":"https:\/\/sare.eus\/wp-content\/uploads\/2021\/08\/sare.png","width":120,"height":142,"caption":"Sare Herritarra"},"image":{"@id":"https:\/\/sare.eus\/#\/schema\/logo\/image\/"}}]}},"_links":{"self":[{"href":"https:\/\/sare.eus\/es\/wp-json\/wp\/v2\/pages\/1286","targetHints":{"allow":["GET"]}}],"collection":[{"href":"https:\/\/sare.eus\/es\/wp-json\/wp\/v2\/pages"}],"about":[{"href":"https:\/\/sare.eus\/es\/wp-json\/wp\/v2\/types\/page"}],"author":[{"embeddable":true,"href":"https:\/\/sare.eus\/es\/wp-json\/wp\/v2\/users\/1"}],"replies":[{"embeddable":true,"href":"https:\/\/sare.eus\/es\/wp-json\/wp\/v2\/comments?post=1286"}],"version-history":[{"count":5,"href":"https:\/\/sare.eus\/es\/wp-json\/wp\/v2\/pages\/1286\/revisions"}],"predecessor-version":[{"id":1478,"href":"https:\/\/sare.eus\/es\/wp-json\/wp\/v2\/pages\/1286\/revisions\/1478"}],"wp:attachment":[{"href":"https:\/\/sare.eus\/es\/wp-json\/wp\/v2\/media?parent=1286"}],"curies":[{"name":"wp","href":"https:\/\/api.w.org\/{rel}","templated":true}]}}